{"id":38,"date":"2025-07-15T17:24:27","date_gmt":"2025-07-15T15:24:27","guid":{"rendered":"https:\/\/test.repaircafe-alzenau.de\/?page_id=38"},"modified":"2025-07-15T17:24:27","modified_gmt":"2025-07-15T15:24:27","slug":"news","status":"publish","type":"page","link":"https:\/\/test.repaircafe-alzenau.de\/index.php\/news\/","title":{"rendered":"News"},"content":{"rendered":"\n<p>14. November 2024:<\/p>\n\n\n\n<p>Unser zweiter Repair Caf\u00e9 Termin in der Aula des Spessart Gynasiums Alzenau war ein voller Erfolg. Mehr als 30 Personen nutzten den Termin um ihre defekten Ger\u00e4te reparieren zu lassen. Mit 14 Aktiven hatten wir in knapp 3 Stunden jede Menge zu tun um den Ansturm zu bew\u00e4ltigen.<br>Unterst\u00fctzt wurden wir von Sch\u00fclerinen der 8. und 9. Klasse, die sich liebevoll mit selbstgebackenem Kuchen, belegten Br\u00f6tchen und sowohl hei\u00dfen als auch kalten Getr\u00e4nken um das Catering k\u00fcmmerten.<br>Dank der hervorragenden Kooperation mit der Schule, des angemehmen Umfeldes mit Sofasitzecken im Wartebereich und der tollen Verpflegung war es sowohl f\u00fcr die G\u00e4ste als auch f\u00fcr die Reparateure ein rundum gelungener Abend.<br><\/p>\n\n\n\n<p>24. Juli 2024:<\/p>\n\n\n\n<p>Wie auch schon 2023 gestaltete unser Team in der Projektwoche einen ganzen Vormittag am SGA. In diesem Jahr am 24.7. f\u00fcr alle 6. Klassen zum Thema \u201eAlltagskompetenzen \u2013 handwerkliche F\u00e4higkeiten\u201c. Vom N\u00e4geleinschlagen \u00fcber Verbindungstechniken, Fahrradreparatur, N\u00e4hen von Stifttaschen, Bau einer Taschenlampe bis zum Bau eines Wurfspiels konnten sich die Jugendlichen praktisch erproben. Auch in diesem Jahr waren nicht nur die Jungen, sondern wiederum viele Sch\u00fclerinnen begeistert und engagiert dabei, ob beim H\u00e4mmern, Bohren oder L\u00f6ten.<\/p>\n\n\n\n<p>17. Juli 2024:<\/p>\n\n\n\n<figure class=\"wp-block-image\"><img decoding=\"async\" src=\"https:\/\/repaircafe-alzenau.de\/.cm4all\/uproc.php\/0\/bilder\/.WhatsApp%20Bild%202024-11-04%20um%2011.17.05_cef983cd.jpg\/picture-200?_=192f6dcb380\" alt=\"\" title=\"\"\/><\/figure>\n\n\n\n<p>An diesem Termin fand in der &#8222;ReparierBAR&#8220; in Kleinostheim der erste Reparaturtermin statt. Wir unterst\u00fctzen damit personell und ideell eine Initiative von &#8222;UnbezahlBAR&#8220;, einem sozialen Projekt von B\u00fcrgern in Kleinostheim.<br>Diese Starthilfe soll dazu f\u00fchren, dass sich in Kleinostheim ein eigenes Repair Caf\u00e9 entwickeln kann. Dass dort Interesse besteht, zeigten 13 Besucher, die defekte Ger\u00e4te mitbrachten.<br><\/p>\n","protected":false},"excerpt":{"rendered":"<p>14. November 2024: Unser zweiter Repair Caf\u00e9 Termin in der Aula des Spessart Gynasiums Alzenau war ein voller Erfolg. Mehr als 30 Personen nutzten den Termin um ihre defekten Ger\u00e4te reparieren zu lassen. Mit 14 Aktiven hatten wir in knapp 3 Stunden jede Menge zu tun um den Ansturm zu bew\u00e4ltigen.Unterst\u00fctzt wurden wir von Sch\u00fclerinen [&hellip;]<\/p>\n","protected":false},"author":2,"featured_media":0,"parent":0,"menu_order":0,"comment_status":"closed","ping_status":"closed","template":"","meta":{"_uag_custom_page_level_css":"","footnotes":""},"class_list":["post-38","page","type-page","status-publish","hentry"],"uagb_featured_image_src":{"full":false,"thumbnail":false,"medium":false,"medium_large":false,"large":false,"1536x1536":false,"2048x2048":false},"uagb_author_info":{"display_name":"Peter Koneczny","author_link":"https:\/\/test.repaircafe-alzenau.de\/index.php\/author\/peter-k\/"},"uagb_comment_info":0,"uagb_excerpt":"14. November 2024: Unser zweiter Repair Caf\u00e9 Termin in der Aula des Spessart Gynasiums Alzenau war ein voller Erfolg. Mehr als 30 Personen nutzten den Termin um ihre defekten Ger\u00e4te reparieren zu lassen. Mit 14 Aktiven hatten wir in knapp 3 Stunden jede Menge zu tun um den Ansturm zu bew\u00e4ltigen.Unterst\u00fctzt wurden wir von Sch\u00fclerinen&hellip;","_links":{"self":[{"href":"https:\/\/test.repaircafe-alzenau.de\/index.php\/wp-json\/wp\/v2\/pages\/38","targetHints":{"allow":["GET"]}}],"collection":[{"href":"https:\/\/test.repaircafe-alzenau.de\/index.php\/wp-json\/wp\/v2\/pages"}],"about":[{"href":"https:\/\/test.repaircafe-alzenau.de\/index.php\/wp-json\/wp\/v2\/types\/page"}],"author":[{"embeddable":true,"href":"https:\/\/test.repaircafe-alzenau.de\/index.php\/wp-json\/wp\/v2\/users\/2"}],"replies":[{"embeddable":true,"href":"https:\/\/test.repaircafe-alzenau.de\/index.php\/wp-json\/wp\/v2\/comments?post=38"}],"version-history":[{"count":1,"href":"https:\/\/test.repaircafe-alzenau.de\/index.php\/wp-json\/wp\/v2\/pages\/38\/revisions"}],"predecessor-version":[{"id":46,"href":"https:\/\/test.repaircafe-alzenau.de\/index.php\/wp-json\/wp\/v2\/pages\/38\/revisions\/46"}],"wp:attachment":[{"href":"https:\/\/test.repaircafe-alzenau.de\/index.php\/wp-json\/wp\/v2\/media?parent=38"}],"curies":[{"name":"wp","href":"https:\/\/api.w.org\/{rel}","templated":true}]}}